{"id":37,"date":"2021-08-03T08:22:46","date_gmt":"2021-08-03T08:22:46","guid":{"rendered":"https:\/\/baltisaksaselts.ee\/?page_id=37"},"modified":"2026-03-24T15:59:27","modified_gmt":"2026-03-24T15:59:27","slug":"juhatus","status":"publish","type":"page","link":"https:\/\/baltisaksaselts.ee\/de\/juhatus\/","title":{"rendered":"Vorstand"},"content":{"rendered":"\n<p><strong><strong>Inna P\u00f5ltsam-J\u00fcrjo<\/strong><\/strong><br>Vorstandsvorsitzende<\/p>\n\n\n\n<p><strong>Tiina-Mall Kreem<\/strong><br>Vorstandsmitglied<\/p>\n\n\n\n<p><strong>Urmas Oolup<\/strong><br>Vorstandsmitglied<\/p>\n\n\n\n<p><strong>Eva-Tiina P\u00f5lluste<\/strong><br>Vorstandsmitglied<\/p>\n\n\n\n<p><strong>Maaja Silm<\/strong><br>Vorstandsmitglied<\/p>\n\n\n\n<h4 class=\"wp-block-heading\">Vorstand 1989\u20132025<\/h4>\n\n\n\n<figure class=\"wp-block-table\"><table><thead><tr><th>Jahr<\/th><th>Vorsitzende(r)<\/th><th>Vorstandsmitglieder<\/th><\/tr><\/thead><tbody><tr><td>2025<\/td><td>Inna P\u00f5ltsam-J\u00fcrjo<\/td><td>Tiina-Mall Kreem, Urmas Oolup, Maaja Silm, Kristiina Tiideberg<\/td><\/tr><tr><td>2024<\/td><td>Inna P\u00f5ltsam-J\u00fcrjo<\/td><td>Tiina-Mall Kreem, Urmas Oolup, Maaja Silm, Kristiina Tiideberg<\/td><\/tr><tr><td>2023<\/td><td>J\u00fcri Kivim\u00e4e<\/td><td>Eva Keinast, Tiina-Mall Kreem, Inna P\u00f5ltsam-J\u00fcrjo, Maaja Silm<\/td><\/tr><tr><td>2022<\/td><td>J\u00fcri Kivim\u00e4e<\/td><td>Eva Keinast, Inna P\u00f5ltsam-J\u00fcrjo, Maaja Silm<\/td><\/tr><tr><td>2021<\/td><td>J\u00fcri Kivim\u00e4e<\/td><td>Eva Keinast, Inna P\u00f5ltsam-J\u00fcrjo, Maaja Silm<\/td><\/tr><tr><td>2020<\/td><td>J\u00fcri Kivim\u00e4e<\/td><td>Eva Keinast, Inna P\u00f5ltsam-J\u00fcrjo, Maaja Silm<\/td><\/tr><tr><td>2019<\/td><td>J\u00fcri Kivim\u00e4e<\/td><td>Eva Keinast, Inna P\u00f5ltsam-J\u00fcrjo, Maaja Silm<\/td><\/tr><tr><td>2018<\/td><td>Olev Liivik<\/td><td>Inna J\u00fcrjo, Tiina-Mall Kreem, Maaja Silm, Maris Saagpakk<\/td><\/tr><tr><td>2017<\/td><td>Olev Liivik<\/td><td>Inna J\u00fcrjo, Tiina-Mall Kreem, Maaja Silm, Maris Saagpakk<\/td><\/tr><tr><td>2016<\/td><td>Olev Liivik<\/td><td>Inna J\u00fcrjo, Tiina-Mall Kreem, Maaja Silm, Maris Saagpakk<\/td><\/tr><tr><td>2015<\/td><td>Olev Liivik<\/td><td>Inna J\u00fcrjo, Tiina-Mall Kreem, Maaja Silm, Maris Saagpakk<\/td><\/tr><tr><td>2014<\/td><td>Olev Liivik<\/td><td>Inna J\u00fcrjo, Tiina-Mall Kreem, Maaja Silm, Maris Saagpakk<\/td><\/tr><tr><td>2013<\/td><td>Olev Liivik<\/td><td>Inna J\u00fcrjo, Maaja Silm, Maris Saagpakk, Risto Paju<\/td><\/tr><tr><td>2012<\/td><td>Anne Untera<\/td><td>Maaja Silm, Olev Liivik, Maris Saagpakk, Risto Paju<\/td><\/tr><tr><td>2011<\/td><td>Anne Untera<\/td><td>Maaja Silm, Olev Liivik, Kaja Adamson, Maris Saagpakk<\/td><\/tr><tr><td>2010<\/td><td>Anne Untera<\/td><td>Maaja Silm, Olev Liivik, Kaja Adamson, Maris Saagpakk<\/td><\/tr><tr><td>2009<\/td><td>Olev Liivik<\/td><td>Maaja Silm, Anne Untera, Kaja Adamson, Sulev M\u00e4ev\u00e4li, Maris Saagpakk<\/td><\/tr><tr><td>2008<\/td><td>Olev Liivik<\/td><td>Indrek J\u00fcrjo, Urmas Oolup, Maaja Silm, Anne Untera<\/td><\/tr><tr><td>2007<\/td><td>Olev Liivik<\/td><td>Indrek J\u00fcrjo, Urmas Oolup, Maaja Silm, Anne Untera<\/td><\/tr><tr><td>2006<\/td><td>Olev Liivik<\/td><td>Indrek J\u00fcrjo, Urmas Oolup, Maaja Silm, Anne Untera<\/td><\/tr><tr><td>2005<\/td><td>Olev Liivik<\/td><td>Indrek J\u00fcrjo, Urmas Oolup, Anne L\u00f5ugas (Untera), Maaja Silm<\/td><\/tr><tr><td>2004<\/td><td>Olev Liivik<\/td><td>Sulev M\u00e4ev\u00e4li, Urmas Oolup, Indrek J\u00fcrjo, Anne L\u00f5ugas (Untera)<\/td><\/tr><tr><td>2003<\/td><td>Sulev M\u00e4ev\u00e4li<\/td><td>Urmas Oolup, Olev Liivik, Anne L\u00f5ugas (Untera), Silvi Pihlak-Lindmaa<\/td><\/tr><tr><td>2002<\/td><td>Ants Hein<\/td><td>Sulev M\u00e4ev\u00e4li, Urmas Oolup, Olev Liivik, Silvi Pihlak-Lindmaa<\/td><\/tr><tr><td>2001<\/td><td>Sirje Kivim\u00e4e<\/td><td>Sulev M\u00e4ev\u00e4li, Urmas Oolup, Olev Liivik, Walve Ernits<\/td><\/tr><tr><td>2000<\/td><td>Sirje Kivim\u00e4e<\/td><td>Sulev M\u00e4ev\u00e4li, Ira Einama, Urmas Oolup, Valery Saks<\/td><\/tr><tr><td>1999<\/td><td>Sirje Kivim\u00e4e<\/td><td>Sulev M\u00e4ev\u00e4li, Ira Einama, Urmas Oolup, Valery Saks<\/td><\/tr><tr><td>1998<\/td><td>Sirje Kivim\u00e4e<\/td><td>Sulev M\u00e4ev\u00e4li, Anne L\u00f5ugas (Untera), Urmas Oolup, Valery Saks<\/td><\/tr><tr><td>1997<\/td><td>Sirje Kivim\u00e4e<\/td><td>Sulev M\u00e4ev\u00e4li, Anne L\u00f5ugas (Untera), Urmas Oolup, Valery Saks<\/td><\/tr><tr><td>1996<\/td><td>Sirje Kivim\u00e4e<\/td><td>Sulev M\u00e4ev\u00e4li, Anne L\u00f5ugas (Untera), Urmas Oolup, Valery Saks<\/td><\/tr><tr><td>1995<\/td><td>Sirje Kivim\u00e4e<\/td><td>Sulev M\u00e4ev\u00e4li, Juta Keevallik, Urmas Oolup, Valery Saks<\/td><\/tr><tr><td>1994<\/td><td>Ea Jansen<\/td><td>Sulev M\u00e4ev\u00e4li, Juta Keevallik, Unnas Oolup, Valery Saks<\/td><\/tr><tr><td>1993<\/td><td>Indrek J\u00fcrjo<\/td><td>J\u00fcri Kivim\u00e4e, Olga Kont\u0161ajeva, Urmas Oolup, Valery Saks<\/td><\/tr><tr><td>1992<\/td><td>Indrek J\u00fcrjo<\/td><td>J\u00fcri Kivim\u00e4e, Olga Kont\u0161ajeva, Urmas Oolup, Valery Saks<\/td><\/tr><tr><td>1991<\/td><td>J\u00fcri Kivim\u00e4e<\/td><td>Indrek J\u00fcrjo, Olga Kont\u0161ajeva, Kaja Altof (Telschow), Valery Saks<\/td><\/tr><tr><td>1990<\/td><td>Sirje Kivim\u00e4e<\/td><td>Indrek J\u00fcrjo, Anne Vilius (Laur), Kaja Altof (Telschow), Valery Saks<\/td><\/tr><tr><td>1989<\/td><td>Sirje Kivim\u00e4e<\/td><td>Indrek J\u00fcrjo, Anne Vilius (Laur), Kaja Altof (Telschow), koopteeritud \/ kooptiert Valery Saks<\/td><\/tr><\/tbody><\/table><\/figure>\n","protected":false},"excerpt":{"rendered":"<p>Inna P\u00f5ltsam-J\u00fcrjoVorstandsvorsitzende Tiina-Mall KreemVorstandsmitglied Urmas OolupVorstandsmitglied Eva-Tiina P\u00f5llusteVorstandsmitglied Maaja SilmVorstandsmitglied Vorstand 1989\u20132025 Jahr Vorsitzende(r) Vorstandsmitglieder 2025 Inna P\u00f5ltsam-J\u00fcrjo Tiina-Mall Kreem, Urmas Oolup, Maaja Silm, Kristiina Tiideberg 2024 Inna P\u00f5ltsam-J\u00fcrjo Tiina-Mall Kreem, Urmas Oolup, Maaja Silm, Kristiina Tiideberg 2023 J\u00fcri Kivim\u00e4e Eva Keinast, Tiina-Mall Kreem, Inna P\u00f5ltsam-J\u00fcrjo, Maaja Silm 2022 J\u00fcri Kivim\u00e4e Eva Keinast, Inna P\u00f5ltsam-J\u00fcrjo, [&hellip;]<\/p>\n","protected":false},"author":1,"featured_media":0,"parent":0,"menu_order":0,"comment_status":"closed","ping_status":"closed","template":"","meta":{"footnotes":""},"class_list":["post-37","page","type-page","status-publish","hentry"],"_links":{"self":[{"href":"https:\/\/baltisaksaselts.ee\/de\/wp-json\/wp\/v2\/pages\/37","targetHints":{"allow":["GET"]}}],"collection":[{"href":"https:\/\/baltisaksaselts.ee\/de\/wp-json\/wp\/v2\/pages"}],"about":[{"href":"https:\/\/baltisaksaselts.ee\/de\/wp-json\/wp\/v2\/types\/page"}],"author":[{"embeddable":true,"href":"https:\/\/baltisaksaselts.ee\/de\/wp-json\/wp\/v2\/users\/1"}],"replies":[{"embeddable":true,"href":"https:\/\/baltisaksaselts.ee\/de\/wp-json\/wp\/v2\/comments?post=37"}],"version-history":[{"count":23,"href":"https:\/\/baltisaksaselts.ee\/de\/wp-json\/wp\/v2\/pages\/37\/revisions"}],"predecessor-version":[{"id":688,"href":"https:\/\/baltisaksaselts.ee\/de\/wp-json\/wp\/v2\/pages\/37\/revisions\/688"}],"wp:attachment":[{"href":"https:\/\/baltisaksaselts.ee\/de\/wp-json\/wp\/v2\/media?parent=37"}],"curies":[{"name":"wp","href":"https:\/\/api.w.org\/{rel}","templated":true}]}}