{"id":21,"date":"2021-08-03T07:54:00","date_gmt":"2021-08-03T07:54:00","guid":{"rendered":"https:\/\/baltisaksaselts.ee\/?page_id=21"},"modified":"2026-03-28T19:08:42","modified_gmt":"2026-03-28T19:08:42","slug":"tegevused","status":"publish","type":"page","link":"https:\/\/baltisaksaselts.ee\/de\/tegevused\/","title":{"rendered":"VERANSTALTUNGEN"},"content":{"rendered":"\n<p><\/p>\n\n\n\n<h2 class=\"wp-block-heading\"><strong>202<\/strong>6<\/h2>\n\n\n\n<p>25.03 Heidi Rifk: \u201eEine verarmte Elite? Materielle Lage der Deutschbalten in der Republik Estland\u201c <\/p>\n\n\n\n<p>26.02 Generalversammlung; Kurzvortrag von Reet Bender \u201eBurschenschaftler in T\u00fcllr\u00f6cken. \u00dcber eine in Vergessenheit geratene Theaterliebhaberei in Dorpat\u201c<\/p>\n\n\n\n<p>28.01 Triin Kr\u00f6\u00f6nstr\u00f6m: \u201eCarl Sigismund Walther und nationale Fragen\u201c<\/p>\n\n\n\n<h2 class=\"wp-block-heading\"><strong>202<\/strong>5<\/h2>\n\n\n\n<p>13.12 Vorweihnachtlicher Ausflug nach J\u00e4rvamaa (Jerwen): Hintergrundkommentare von Ants Hein; Besichtigung der Herrenh\u00e4user von Tori (Torri), Esna (Orrisaar) und Purdi (Noistfer) und der Kirche zu T\u00fcri (Turgel); Besichtigung des Wittensteini Tegevusmuuseum (Wittensteiner Aktivit\u00e4tenmuseum) in Paide (Wei\u00dfenstein) mit dem wissenschaftlichen Leiter des Museums R\u00fcndo M\u00fclts<\/p>\n\n\n\n<p>28.11 Tagung \u201eHeimat Revisited II. Deutschbalten nach dem Zweiten Weltkrieg: Heimat, Begegnungen, Nationalit\u00e4t, Essen\u201c (unter der \u00c4gide der Universit\u00e4t Tartu, des Estnischen Kulturministeriums, des Estnischen Nationalmuseums und der Gesellschaft f\u00fcr deutschbaltische Kultur in Estland) <\/p>\n\n\n\n<p>29.10 Olev Liivik: \u201eHundert Jahre seit der Gr\u00fcndung der deutschen Kulturselbstverwaltug in Estland. Vorgeschichte, Wirken und Ende\u201c; Buchpr\u00e4sentation: Valentine von Krause, \u201eV\u00e4ike linn maailma serval. M\u00e4lestused Rakverest 1920\u20131939, lahkumisest ja koduteest\u201c (\u201eEine kleine Stadt am Rande der Welt. Erinnerungen \u00fcber Rakvere (Wesenberg) von 1920\u20131939, \u00fcber den Abschied und den Heimweg\u201c), \u00fcbersetzt von Reet Bender<\/p>\n\n\n\n<p>4.09 Taavi Pae: \u201eBegr\u00e4bnisst\u00e4tten der Deutschbalten in Estland\u201c<\/p>\n\n\n\n<p>27.08 Besichtigung der Ausstellung \u201eReliquien\u201c (zum 500-j\u00e4hrigen Jubil\u00e4um der&nbsp;Ver\u00f6ffentlichung des ersten estnischsprachigen Buches) im Niguliste-Museum (Nikolaikirche) mit den Kuratoren der Ausstellung Aivar P\u00f5ldvee und Tiiu Reimo<\/p>\n\n\n\n<p>3.06 Spaziergang durch den Park Kadriorg (Katharinental) mit dem ehemaligen langj\u00e4hrigen Leiter und Mitgestalter des Parks Ain J\u00e4rve<\/p>\n\n\n\n<p>10.05 Fr\u00fchlingsausflug nach Virumaa (Wierland): Hintergrundkommentare von Ants Hein; Besichtigung einer Ausstellung zur M\u00f6belgeschichte in Estland im ehemaligen Rehbinderschen Haus in Rakvere (Wesenberg) mit dem Chefkurator der Ausstellung Viljar Vissel; Besichtigung von Gutsh\u00e4usern \u2013 Viehhof des Gutes Pada (Paddas), mit der Besitzerin Hilkka Hiiop, Kulina (Kullina), mit den Besitzern Evelin und Anti Poolamets, M\u00f5driku (M\u00f6dders), heute Sitz des Instituts f\u00fcr Dienstleistungsmanagement der Technischen Hochschule Tallinn, Neeruti (Buxh\u00f6wden), mit den Besitzern Hannah ja Ander Ild<\/p>\n\n\n\n<p>30.04 Besichtigung der Ausstellung \u201eBer\u00fchmte Seereisen. Die Europ\u00e4er erweitern ihr Weltbild\u201c im Estnischen Seefahrtsmuseum \u2013 Wasserflugzeughafen mit dem Kurator der Ausstellung Feliks Gornischeff<\/p>\n\n\n\n<p>26.03 Mai Levin: \u201eTheodor Albert Sprengel (1832\u20131900) und sein Werk\u201c<\/p>\n\n\n\n<p>20.03 Besichtigung einer Ausstellung anl\u00e4sslich des 100. Todesjahrestages von Eduard von Gebhardt in der sog. Engelskapelle der Domkirche<\/p>\n\n\n\n<p>26.02 Generalversammlung; Kurzvortrag von Tiina-Mall Kreem \u201eDie Exlibris von Eduard von Gebhardt\u201c<\/p>\n\n\n\n<p>23.02 Gedenkandacht am Denkmal des Baltenregiments auf dem Domberg mit Pastor<br>Matthias Burghardt<\/p>\n\n\n\n<p>29.01 Besichtigung des Hauses der Estl\u00e4ndischen Ritterschaft (heute ein Repr\u00e4sentationsgeb\u00e4ude des estnischen Staats) mit Gert Uiboaed, Mitarbeiter der Staatskanzlei, und Ergo Leilop, Restaurator<\/p>\n\n\n\n<h2 class=\"wp-block-heading\"><strong>202<\/strong>4<\/h2>\n\n\n\n<p>14.12 Vorweihnachtlicher Ausflug nach Tartu (Dorpat): Hintergrundkommentare zur Geschichte Dorpats von Ants Hein; Besichtigung der Ausstellung \u201eWem geh\u00f6rt die Nacht?\u201c im Estnischen Nationalmuseum mit der Chefkuratorin der Ausstellung Karin Leivategija; Besichtigung der Marienkirche (Maarja kirik) und Treffen mit Repr\u00e4sentaten der Kirchengemeinde; Besichtigung von zwei ehemaligen Adelspalais \u2013 dem Liphartschen, heute Conventsquartier der Korporation Vironia, mit Hans Markus Kalmer und Aivar Roosaar, und dem Knorringschen, mit Aivar Roosaar<\/p>\n\n\n\n<p>27.11 Kristi Viiding: \u201eLivland in der Dichtung von Hermann Schwembler: <em>locus amoenus et terribilis<\/em>\u201c<\/p>\n\n\n\n<p>30.10 Janis Tobreluts: \u201eDie Kn\u00fcpffers \u2013 eine Gelehrtenfamilie in Estland\u201c<\/p>\n\n\n\n<p>25.09 Helena Risthein: \u201eNotizen \u00fcber die Nikolaikirche &#8211; Niguliste kirik einst und jetzt\u201c<\/p>\n\n\n\n<p>28. 08 Besichtigung der Ausstellung \u201eElisarion. Elis\u00e0r von Kuppfer und Jaanus Samma\u201c im Kunstmuseum KUMU mit den Kuratoren der Ausstellung Kadi Polli und Hannes Vinnal<\/p>\n\n\n\n<p>5. 06 Besichtigung des Hauses der Domgilde, Toom-Kooli (Dom-Schulstra\u00dfe) 9 mit Hilkka Hiiop und Triin Kr\u00f6\u00f6nstr\u00f6m<\/p>\n\n\n\n<p>25.\/26. 05 Teilnahme an der Er\u00f6ffnung der Ausstellung&nbsp;\u201eDie K\u00fcgelgens. Geschichte einer deutschbaltischen Familie\u201c im Mikkel-Museum und am Seminar \u00fcber die K\u00fcgelgens im Kunstmuseum Kadriorg (Schloss Katharinental)<\/p>\n\n\n\n<p>11.\u201312. 05 Geschichtsreise \u201eFr\u00fchling des Ordens. Burgen des Deutschen Ordens in Livland\u201c mit Juhan Kreem<\/p>\n\n\n\n<p>24. 04 Aivar J\u00fcrgenson: \u201eDeutschbalten im Kaukasuskrieg 1817\u20131864\u201c<\/p>\n\n\n\n<p>27. 03 Besichtigung der Ausstellung \u201eHin und zur\u00fcck. Pilgerfahrten der Livl\u00e4nder im mittelalterlichen Europa\u201c im Niguliste-Museum (Nikolaikirche) mit dem Kurator der Ausstellung Erki Russow<\/p>\n\n\n\n<p>28. 02 Generalversammlung; Kurzvortrag von Anne Untera \u201eWilhelm von K\u00fcgelgen. Erfolgsgeschichte seiner Memoiren \u201cJugenderinnerungen eines alten Mannes\u201c<\/p>\n\n\n\n<p>31. 01 Besuch in einer Werkstatt des Kreativhauses Naked Island mit Hilkka Hiiop: Konservierung eines w\u00e4hrend der Renovierung des Hauses der Estl\u00e4ndischen Ritterschaft entdeckten barocken Deckengem\u00e4ldes&nbsp;<\/p>\n\n\n\n<h2 class=\"wp-block-heading\"><strong>2023<\/strong><\/h2>\n\n\n\n<p>16. 12 Vorweihnachtlicher Ausflug Rakvere (Wesenberg) &#8211; Haljala (Haljall) &#8211; Palmse (Palms) zum 35. Gr\u00fcndungsjahrestag der Gesellschaft<\/p>\n\n\n\n<p>29. 11 Eva Piirim\u00e4e: \u201eJohann Gottfried Herder (1744-1803) \u2013 ein baltischer Philosoph?\u201d<\/p>\n\n\n\n<p>7. 11 (Tartu) \/ 9. 11 (Tallinn) Buchpr\u00e4sentation: \u201eVana mehe noorusm\u00e4lestused\u201c (\u201eJugenderinnerungen eines alten Mannes\u201d) von Wilhelm von K\u00fcgelgen, \u00fcbersetzt von Anne Untera, verlegt von Reet Bender<\/p>\n\n\n\n<p>26. 10 Seminar \u201eLeib und Seele der Deutschbalten\u201d im Estnischen Nationalmuseum in Tartu im Rahmen des Gro\u00dfprojekts und der Ausstellung des Nationalmuseums \u201e\u00d5ige keha, vale keha?\u201c (Richtiger K\u00f6rper, falscher K\u00f6rper?)<\/p>\n\n\n\n<p>27. 09 Buchpr\u00e4sentation: \u201eBaltisakslaste m\u00e4lestusi Eesti Vabaduss\u00f5jast\u201c (\u201eErinnerungen von Deutschbalten aus dem Estnischen Freiheitskrieg\u201c), \u00fcbersetzt von Agur Benno, erschienen beim ARGO Verlag; dazu Vortrag von Toomas Hiio \u201eEstnischer und Lettischer Freiheitskrieg als Schlussakt und zugleich Bankrott des deutschbaltischen Kolonialismus\u201c<\/p>\n\n\n\n<p>9. 06 Besichtigung der Ausstellung des Stadtmuseums Tallinn \u201eKaffeetrinken ohne Ende\u201d im M\u00e4gdeturm (Neitsitorn) mit dem Kurator der Ausstellung Risto Paju<\/p>\n\n\n\n<p>28. 05 Fr\u00fchlingsausflug nach Lahemaa mit Robert Treufeldt: Tsitre &#8211; Leesi &#8211; Hara sadam &#8211; Loksa -N\u00f5mmeveski &#8211; Joaveski &#8211; Kolga m\u00f5is (Gut Kolk)<\/p>\n\n\n\n<p>26. 04 Juhan Kreem: \u201eMilit\u00e4rische Kompetenz des Deutschen Ordens in Livland Mitte des 16. Jahrhunderts\u201c<\/p>\n\n\n\n<p>29. 03 Generalversammlung<\/p>\n\n\n\n<p>22. 02 Buchpr\u00e4sentation: \u201eSurm peab ootama\u201c (\u201eDer Tod muss warten\u201c) &#8211; \u00dcbersetzung des Tagebuchs von Georg Heitmann (ein Estland-Deutscher) von 1945\u20131947, herausgegeben von Olev Liivik, erschienen beim ARGO Verlag <\/p>\n\n\n\n<p>25. 01 Anu Kannike: \u201eDas Essen war bei denen niemals alle &#8230; \u00fcber die Kochkunst und die geselligen Mahlzeiten der Deutschbalten im 19. und 20. Jahrhundert\u201d<\/p>\n\n\n\n<h2 class=\"wp-block-heading\"><strong>2022<\/strong><\/h2>\n\n\n\n<p>17. 12 Ausflug in den Landkreis Rapla mit Ants Hein: Kohila (Koil) &#8211; Tohisoo (Tois) &#8211; Maidla (Maidel) &#8211; Rapla (Rappel) &#8211; Pirgu (Pirk)<\/p>\n\n\n\n<p>30. 11 Riina Roose: \u201eDeutschbaltische Bagatellen\u201c<\/p>\n\n\n\n<p>26. 10 Seminar \u201eWie soll man die (deutschbaltische) Geschichte \u00fcbersetzen?\u201c (in Zusammenarbeit mit dem Forschungsprojekt der Universit\u00e4t Tallinn \u201e\u00dcbersetzung in der Geschichte, Estland 1850-2010: Texte, Handelnde, Institutionen und Praktiken\u201c)<\/p>\n\n\n\n<p>24. 09 Ausflug nach Tartu: Spaziergang im deutschbaltischen Dorpat mit Reet Bender<\/p>\n\n\n\n<p>27. 07 Besichtigung der Ausstellung \u201eKarl Morgenstern. Kunstsammlung eines Dorpater Gelehrten\u201c im Mikkel-Museum mit der Kuratorin der Ausstellung Anu Allikvee<\/p>\n\n\n\n<p>15. 06 Besichtigung der ehemaligen Adelspalais Kohtu (Gerichtsstra\u00dfe) 6 und Kiriku (Kirchenstra\u00dfe) 2 auf dem Domberg mit J\u00fcri Kuuskemaa<\/p>\n\n\n\n<p>25. 05 Karin Hallas-Murula: \u201eDeutsche und deutschbaltische Architektur im Gouvernement Estland 1860\u20131914\u201c<\/p>\n\n\n\n<p>15. 05 Fr\u00fchlingsausflug nach Virumaa (Wierland) mit Ants Hein: Vasta m\u00f5is (Gut Waschel), Pastorat und Kirche Viru-Nigula (Maholm), Muuga m\u00f5is (M\u00fcnkenhof), Moe Peenviinavabrik ja Muddis \u00d5llevabrik (Branntweinbrennerei und Bierbrauerei Muddis)<\/p>\n\n\n\n<p>27. 04 Rundgang im Kunstmuseum KUMU mit Kristiina Tiideberg und Mari-Liis Krautmann: deutschbaltische Kunst in der neuen Dauerausstellung des KUMU \u201eIdentit\u00e4tslandschaften\u201c und Werke der deutschbaltischen K\u00fcnstlerin der Moderne Erna Kreichmann<\/p>\n\n\n\n<p>30. 03 Generalversammlung<\/p>\n\n\n\n<p>23. 02 Buchvorstellung \u201eKultur und Nation. Erinnerungen an Ea Jansen\u201c (hrsg. von Inna J\u00fcrjo, J\u00fcri Kivim\u00e4e)<\/p>\n\n\n\n<p>26. 01 Lea K\u00f5iv: Dankens-wertes Vorbild f\u00fcr alle L\u00e4nder und St\u00e4dte: die Kirchenordnung von Reval zu Beginn des 17. Jahrhunderts<\/p>\n\n\n\n<h2 class=\"wp-block-heading\"><strong>2021<\/strong><\/h2>\n\n\n\n<p>29. 12 Inna J\u00fcrjo: Die gezeichnete Welt des Stadtschreibers von Reval<\/p>\n\n\n\n<p>24. 11 Anne Untera: Deutschbaltische K\u00fcnstlerinnen<\/p>\n\n\n\n<p>27. 10 Maris Saagpakk: Unterschiedliche M\u00f6glichkeiten des \u00dcbersetzens der Mehrsprachigkeit in \u00dcbersetzungen aus der deutschbaltischen Literatur in die estnische Sprache<\/p>\n\n\n\n<p>9.10 Bildungsreise unter der F\u00fchrung von Ants Hein nach Viljandi\/Fellin und Umgebung<\/p>\n\n\n\n<p>29. 09 Mai Levin: Erinnerungen von deutschen Hauslehrern aus Estland, Livland und Russland<\/p>\n\n\n\n<p>16.06 Besuch der Ausstellung zum Schaffen des ber\u00fchmten Bildhauers des Barocks Christian Ackermann mit Tiina-Mall Kreem im Tallinner Dom<\/p>\n\n\n\n<p>26.05. 2021Generalversammlung<\/p>\n\n\n\n<h2 class=\"wp-block-heading\"><strong><u><strong><u>2020<\/u><\/strong><\/u><\/strong><\/h2>\n\n\n\n<p><\/p>\n\n\n\n<p>26.01 Besuch der Ausstellung &#8220; Ars Academica. Die Sammlung der Universit\u00e4t Tartu&#8220; mit Tiina-Mall Kreem<\/p>\n\n\n\n<p>29.01 Generalversammlung<\/p>\n\n\n\n<p>30. 09. Epi Tohvri: Georges Fr\u00e9d\u00e9ric Parrot, der erste Rektor der kaiserlichen Universit\u00e4t zu Dorpat<\/p>\n\n\n\n<p>10. 10. Ausflug unter der Leitung von Ants Hein: Kapelle von Saha (Saage), Gutsh\u00f6fe Maardu (Maart), Kostivere (Kostifer) und Anija (Annia), Dorf Rootsi-Kallavere (Rotzi-Kallafer)<\/p>\n\n\n\n<p>28. 10. Sirje Kivim\u00e4e: Standesstolz und Selbstverwirklichung von Isabella Freifrau von Ungern-Sternberg<\/p>\n\n\n\n<p>25. 11. Hannes Vinnal, Hilkka Hiiop: Malereien im Herrenhaus von H\u00f5reda (Hoerdel) und der r\u00e4tselhafte Maler Paridon Jacob Neus<\/p>\n\n\n\n<h2 class=\"wp-block-heading\"><br><strong><u><strong><u>2019<\/u><\/strong><\/u><\/strong><\/h2>\n\n\n\n<p>14.12. Bildungsfahrt nach Haapsalu<\/p>\n\n\n\n<p>11.12. Buchpr\u00e4sentation in Zusammenarbeit mit dem Verlag Argo<br>Olev Liivik, T\u00f5nis Liibek (Verfasser). Viimane peat\u00fckk. Baltisakslaste lahkumine Eestist 1939-1941 \/ Das letzte Kapitel. Die Umsiedlung der Deutschbalten 1939-1941<br>sowie<br>Wilhelm Baron von Wrangell, Georg von Krusenstjern (Verfasser). Eestimaa R\u00fc\u00fctelkond. R\u00fc\u00fctelkonna peamehed ja maan\u00f5unikud (\u00dcbersetzung in die estnische Sprache von Tea Vassiljeva; Die Estl\u00e4ndische Ritterschaft, ihre Ritterhauptm\u00e4nner und Landr\u00e4te, 1967)<\/p>\n\n\n\n<p>27.11 Kristina J\u00f5ekalda: Heinz Pirang und Das baltische Herrenhaus<\/p>\n\n\n\n<p>11.11 Seminar des Literaturzentrums f\u00fcr Under und Tuglas der Estnischen Akademie der Wissenschaften und des Tallinner Stadtarchivs.<br>Martin Kl\u00f6ker: Deutschbaltische Frauen und die Literatur. Eine kleine Erkundungstour zu den Anf\u00e4ngen und Grundlagen<\/p>\n\n\n\n<p>23.10 J\u00fcri Kivim\u00e4e: Paul Johansen im Jahre 1939. Ein Menschenschicksal im Strudel der Umsiedlung der Deutschbalten<\/p>\n\n\n\n<p>19.09 Wissenschaftliches Seminar des Literaturzentrums Under und Tuglas der Estnischen Akademie der Wissenschaften und der Jochmann-Gesellschaft Heidelberg \u00fcber den Publizisten Carl Gustav Jochmann<\/p>\n\n\n\n<p>1.06 Bildungsfahrt in die Region Noarootsi (Nuck\u00f6) unter der Leitung von Ivar R\u00fc\u00fctli<\/p>\n\n\n\n<p>29.05 Tiiu Reimo: Das sind K\u00fcstenschweden (Rootsi-rahwas), die sowohl hinsichtlich ihrer Sprache, ihrer Bildung als auch anderer Dinge von ihren eigentlichen Blutsverwandten getrennt wurden<\/p>\n\n\n\n<p>9.05 Deutschbaltischer Tag &#8222;Deutschbaltisches Kulturerbe in estnischen Museen&#8220; im Estnischen Nationalmuseum<\/p>\n\n\n\n<p>24.04 Besuch des innerst\u00e4dtischen Friedhofes mit Mare Kask<\/p>\n\n\n\n<p>27.03 Urve Sinij\u00e4rv: Gestaltung und Wiederherstellung der historischen Parken in Estland<\/p>\n\n\n\n<p>27.02 Generalversammlung<\/p>\n\n\n\n<p>30.01 Besuch der Ausstellung &#8222;Am Anfang war&#8230; K\u00f6ler und Weizenberg&#8220; mit Mai Levin<\/p>\n\n\n\n<h2 class=\"wp-block-heading\"><strong><u><strong><u>2018<\/u><\/strong><\/u><\/strong><\/h2>\n\n\n\n<p>15.12 Ausflug nach Raplamaa<\/p>\n\n\n\n<p>6.12 Seminar anl\u00e4sslich des 30. Geburtstages der Gesellschaft f\u00fcr deutschbaltische Kultur in Estland<\/p>\n\n\n\n<p>31.10 Ivar R\u00fc\u00fctli: Carl Rosswurm und seine Eibofolke&nbsp;<\/p>\n\n\n\n<p>18.10 Tagung im Gut Saka: Die Umsiedlungen der Deutschbalten 1939-1940 und 1941<\/p>\n\n\n\n<p>26.09 Lembi Anepaio: Arm, aber dennoch eine Dame &#8211; Massnahmen zur unterst\u00fctzung mittelloser deutschbaltischer Adelsdamen<\/p>\n\n\n\n<p>20.05 Ausflug nach Virumaa: Gut Arkna &#8211; Kirche von Kadrina und Denkmal f\u00fcr die Muttersprache &#8211; Gut Vohnja &#8211; Gut Kolu &#8211; Gut Udriku &#8211; Gut Lasila &#8211; Kirche von Ambla&nbsp;<\/p>\n\n\n\n<p>25.04 Kairit Kaur:&nbsp;<em>Pizzaro<\/em>&nbsp;in Estland oder Engl\u00e4nder in Gut Werro &nbsp;<\/p>\n\n\n\n<p>28.03 Aivar P\u00f5ldvee: Das private und geheime Leben des Johann Wolfgang Boecler<\/p>\n\n\n\n<p>28.02 Generlaversammlung<\/p>\n\n\n\n<p>31.01 Elimar Schubbe: Werner Bergengruen- ein deutschbaltischer Dichter im geistigen Widerstand gegen den Nationalsozialismus<\/p>\n\n\n\n<h2 class=\"wp-block-heading\"><strong><u>2017<\/u><\/strong><\/h2>\n\n\n\n<p>16.12 Ausflug in die Gutsh\u00e4suer in Ost-Harrien<\/p>\n\n\n\n<p>30.11 Michele Vangi: Daniel Chodowieckis K\u00fcnstlerfahrt im Jahr 1773. Eine Pr\u00e4sentation von Archivmaterialien<\/p>\n\n\n\n<p>25.10 Besuch der Austellung &#8222;Wessen Glauben ist richtig?&#8220; mit Juhan Kreem<\/p>\n\n\n\n<p>27.09 Triin Tark: Edgar von Wahl und Occidental &#8211; der Wettlauf um die Weltsprache<\/p>\n\n\n\n<p>6.05 Ausflug in die Gutsh\u00e4user in Harjumaa<\/p>\n\n\n\n<p>26.04 Maie Pihlamagi: Die Rolle der Deutschen in der Estnischen Wirtschaft zwischen den Weltkriegen&nbsp;<\/p>\n\n\n\n<p>29.03 Matthias Burghardt: Der Wittenberger Reformationsaltar als Zusammenfassung der Reformationstheologie<\/p>\n\n\n\n<p>22.02 Enn K\u00fcng: Die Gefangschaft Herzog Jakobs von Kurland in Ivangorod 1659-1660<\/p>\n\n\n\n<p>25.01 Kristel Pappel: August von Kotzebue und Musik<\/p>\n\n\n\n<p>4.01 Generalversammlung<\/p>\n\n\n\n<h2 class=\"wp-block-heading\"><strong><u>2016<\/u><\/strong><\/h2>\n\n\n\n<p>17.12 Ausflug nach Tartu in das Estnische Nationalmuseum<\/p>\n\n\n\n<p>30.11 Tiina-Mall Kreem: Christian Ackermann: Pheidias von Reval, Arrogant und begabt; Exkursion auf den Ackermann-Altar mit Hilkka Hiiop<br>Tiina Peil: G\u00fcterlegenden oder Sommerg\u00fcter in Pakri Peninsula<\/p>\n\n\n\n<p>3.11 Die Buchvorstellungen &#8222;Revali ja Petersburgi vahel. Eestimaalaste m\u00e4lestusi kahest sajandist&#8220;, &#8222;Freimauer und Aufkl\u00e4rung im Russischen Reich. Die Ravaler Logen 1773-1820&#8220;, &#8222;Protokolle der Estl\u00e4ndischen Ritterschaft 1905-1907&#8220; mit Tallinner Stadtarchiv, Nationalarchiv und Argo Verlag&nbsp; &nbsp;<\/p>\n\n\n\n<p>26.10 Sirje Kivim\u00e4e: Die Bauernbefreiung in Estland im Jahr 1816. Ein Jubilum<\/p>\n\n\n\n<p>28.09 Besuch des Steinreliefmuseums mit Risto Paju<\/p>\n\n\n\n<p>21.05 Ausflug nach L\u00e4\u00e4ne-Virumaa, Peipussee und Schloss Alatskivi<\/p>\n\n\n\n<p>5.05&nbsp; Vorstellung des Buches &#8222;Baltisaksa esemed Eesti muuseumikogudes\/ Deutschbaltische Gegenst\u00e4nde in den Sammlungen estnischer Museen&#8220;&nbsp;<\/p>\n\n\n\n<p>27.04 Reet Bender: Drei \u00f6rtlichen Sprachen am Beispiel von der deutschbaltischen Texten<\/p>\n\n\n\n<p>14.04 Er\u00f6ffnung der Ausstellung und Vortragsabend mit Tallinner Stadtarchiv zur Feier anl\u00e4sslich des 60. Geburtstages von Indrek J\u00fcrjo (1956-2009)<\/p>\n\n\n\n<p>30.03 Toomas Hiio: Wachholderdeutsche durch zwei Jahrhunderte<\/p>\n\n\n\n<p>25.02 Kristina J\u00f5ekalda: Das mittelalterliche architektonische Erbe als Synonym des Deutschbaltentums<\/p>\n\n\n\n<p>11.01 Generalversammlung<\/p>\n\n\n\n<h2 class=\"wp-block-heading\"><strong><u>2015<\/u><\/strong><\/h2>\n\n\n\n<p>19.12 Ausflug in den Westen von Harjumaa<\/p>\n\n\n\n<p>25.11&nbsp; Vortragsabend mit dem Zentrum &nbsp; f\u00fcr Alte Drucke der Akademischen Bibliothek der Universit\u00e4t Tallinn.&nbsp;Lauri Frei: Schriftsteller und P\u00e4dagoge Friedrich Eberhard Rambach (1767-1826)<strong><\/strong>&nbsp;<\/p>\n\n\n\n<p>28.10 Olev Liivik: Bekannte und Unbekannte&nbsp;<em>Nachumsiedlung<\/em>. Eine Neubewertung der Umsiedlung der Deutschbalten im Jahre 1941&nbsp;<\/p>\n\n\n\n<p>30.09 Besuch der Austellung &#8222;Das Reichtum der Natur. Die Idee der Lebensn\u00e4he und D\u00fcsseldorfer Schule&#8220;<\/p>\n\n\n\n<p>9.05 Ausflug zu den Gutsh\u00e4user in L\u00e4\u00e4ne-Virumaa mit Ants Hein<\/p>\n\n\n\n<p>29.04 Riin Alatalu: Das Gut und &#8222;Staatsgut&#8220; im 21. Jahrhundert<\/p>\n\n\n\n<p>25.03 Vortragsabend mit dem Zentrum f\u00fcr Alte Drucke er Akademischen Bibliothek der Universit\u00e4t Tallinn.<br>Peter O. B\u00fcttner: &#8222;Ja es ist hart, sich nach wenigen Jahren von dem Liebling der Seele zu trennen&#8220;. \u00dcber Privaterzeiehung und Schulerziehung im 18. und 19. Jahrhundert;<br>Michael Rocher (Halle, Berlin): Die Entwicklung des h\u00f6heren Schulwesens in Tallinn\/Reval im 18. Jahrhundert&nbsp;<\/p>\n\n\n\n<p>25.02 Kristiina Ross: &#8222;Jumla poeg&#8220; ja &#8222;P\u00f5rgu konn&#8220; &#8211; die Anf\u00e4nge der Kunstpoesie auf Estnisch<\/p>\n\n\n\n<p>28.01 Besuch der Austellung &#8222;Ein Land auf dem Schachbrett. &#8211; Deutsche Okkupation in Estland 1941-1944&#8220; mit Olev Liivik<\/p>\n\n\n\n<p>7.01 Generalversammlung<\/p>\n\n\n\n<h2 class=\"wp-block-heading\"><strong><u>2014<\/u><\/strong><\/h2>\n\n\n\n<p>21.12 Ausflug in die Gutsh\u00e4user in West-Harrien<\/p>\n\n\n\n<p>26.11 Feliks Gornischeff: Graf Gustav Ernst Stackelberg (1766-1850) als Diplomat in Preu\u00dfen<\/p>\n\n\n\n<p>29.10 Gemiensames Seminar mit Under-und-Tuglas Literaturzentrum. Martin Kl\u00f6ker: &#8222;Mu\u00df&nbsp;in geduld mein elend stillen&#8220; &#8211; eine verbotene Liebe im Brief des 17. Jahrhunderts; Die Pr\u00e4sentation seinen Buches &#8222;Literarisches Leben in Reval in der ersten H\u00e4lfte des 17. Jahrhunderts&#8220;&nbsp;<\/p>\n\n\n\n<p>24.09&nbsp; Anne Untera: Kunst, Architektur und Freimauern. Familie von Pistohlkors aus Ruttigfer<\/p>\n\n\n\n<p>28.05 Inna P\u00f5ltsam-J\u00fcrjo: Der Hexenprozess gegen die Bauern von Otep\u00e4\u00e4 anno 1720<\/p>\n\n\n\n<p>3.05 Ausflug nach Narva mit Ants Hein und Madis Tuuder<\/p>\n\n\n\n<p>30.04 Besuch der Austellung &#8222;Eveline von Maydell.&nbsp;Die schwarzwei\u00dfe Welt&#8220; mit Juta Kivim\u00e4e<\/p>\n\n\n\n<p>26.03 Erki Tammiksaar: Gerhard von Maydell und die geografische Erforschung des nord\u00f6stlichen Siberiens<\/p>\n\n\n\n<p>26.02 Piret \u00d5unapuu: Leidenschaftlicher Johannes Leopold Gahlenb\u00e4ck<\/p>\n\n\n\n<p>29.01 Anne Untera:Die Bildnisse August von Kotzebues in den estnischen Sammlungen<\/p>\n\n\n\n<p>8.01 Generalversammlung<\/p>\n\n\n\n<h2 class=\"wp-block-heading\"><strong><u>2013<\/u><\/strong><\/h2>\n\n\n\n<p>6.12 Jubil\u00e4umstagung Gesellschaft f\u00fcr deutschbaltische Kultur in Estland 25<\/p>\n\n\n\n<p>13.11 Besuch der Austellung &#8222;Wenn Klio begegnete sich den K\u00fcntsler&#8220; mit Tiina-Mall Kreem<\/p>\n\n\n\n<p>4.10 Theaterbesuch in Viljandi zur Auff\u00fchrung &#8222;Das Jahrhundert&#8220; (geschrieben von T\u00f5nu \u00d5nnepalu)<\/p>\n\n\n\n<p>25.09 Ave Mattheus: Die Deutschbalten und der Beginn der estnischen Kinder- und Jugendliteratur<\/p>\n\n\n\n<p>29.05 Besuch des Estnischen Kriegsmuseums \u2013 General Laidoner Museums<\/p>\n\n\n\n<p>27.04 Ausflug in die Gutsh\u00e4user in J\u00e4rvamaa<\/p>\n\n\n\n<p>24.04 Erki Russow: Mittelalterliche Schenken. Schenkenarheologie hier und dort &nbsp;<\/p>\n\n\n\n<p>8.04 G\u00e4steabend zum Thema Carl Gustav Jochmann (1789-1930) und seine Beziehungen zu Estland<\/p>\n\n\n\n<p>27.03 Toomas Siitan: Zusammenfassender \u00dcberblick der deutschbaltischen Musik aus dem 17. und 19. Jahrhundert<\/p>\n\n\n\n<p>27.02 T\u00f5nis Liibek: Erweiterung von Wissen&nbsp; \u2013 deutschbalten und Fotofrafie im 19. Jahrhundert&nbsp;<\/p>\n\n\n\n<p>30.01 Sirje Lusm\u00e4gi macht in der Rarit\u00e4ten-Abteilung der Estnischen Nationalbibliothek die alte Baltica-Sammlung bekannt<\/p>\n\n\n\n<h2 class=\"wp-block-heading\"><strong><u>2012<\/u><\/strong><\/h2>\n\n\n\n<p>28.12 Generalversammlung<\/p>\n\n\n\n<p>8.12 Ausflug nach P\u00e4rnu<\/p>\n\n\n\n<p>28.11 Ando Pajus: Die Gewehre und Pistolen vom Zeitalter des Russlandfeldzuges Napoleons im Jahre 1812&nbsp;<\/p>\n\n\n\n<p>1.11 Ulrike Plath:Die Baltische Esskultur&nbsp;<\/p>\n\n\n\n<p>26.09 Maris Saagpakk: Thematisierung der Sklaverei in August von Kotzebue&#8217;s Zeitschrift &#8222;F\u00fcr Geist und Herz&#8220;&#8220;<\/p>\n\n\n\n<p>30.05 Mari Tarvas: B\u00fccherbest\u00e4nde in Tallinner Nachlassverzeichnissen des 18. Jahrhunderts. Die Belletristik in den Privatbibliotheken der Literaten<\/p>\n\n\n\n<p>6.05 Ausflug in die Gutsh\u00e4user und Kirchen in L\u00e4\u00e4nemaa und P\u00e4rnumaa<\/p>\n\n\n\n<p>25.04 Das Besuch des ehemaligen Nonnenkloster der Zisterzienser mit Sulev M\u00e4ev\u00e4li.<\/p>\n\n\n\n<p>28.03 Sirje Kivim\u00e4e: Deutschbaltische Organisationen heute<\/p>\n\n\n\n<p>29.02 Besuch der Ausstellung: Vinum et panis&#8220; im Kumu mit Anu Allikvee und Ulrike Plath<\/p>\n\n\n\n<p>25.01&nbsp; J\u00fcri Kivim\u00e4e: Die Briefe Theodor Schiemanns aus Tallinn<\/p>\n\n\n\n<p>04.01 Generalversammlung&nbsp;<\/p>\n\n\n\n<h2 class=\"wp-block-heading\"><strong><u>2011<\/u><\/strong><\/h2>\n\n\n\n<p>18.12 Adventsausflug in das Gut Saka<\/p>\n\n\n\n<p>30.11 Anne Untera: Die von K\u00fcgelgens in der estnischen Kunstgeschichte. Wohnorte, Bibliographie, Einf\u00fchrung ins Schaffen.<\/p>\n\n\n\n<p>26.10 Piret Lotman: Die pastorale T\u00e4tigkeit von Heinrich Stahl in den Ostseeprovinzen Schwedens<\/p>\n\n\n\n<p>29.09 Besuch im Estnischen Historischen Museum mit Olev Liivik als Guide<\/p>\n\n\n\n<p>25.05 Besuch im Stadtpalast der von Tolls auf dem Domberg mit Urmas Bereczki und Sulev M\u00e4ev\u00e4li<\/p>\n\n\n\n<p>30.04-1.05 Exkursion in den S\u00fcdosten Estlands mit Ants Hein.<\/p>\n\n\n\n<p>27.04 Triin Tark: Deutschbaltische Studenten an der nationalen Universit\u00e4t: Gesamtbild und Mentalit\u00e4ten.<\/p>\n\n\n\n<p>30.03 Kaarel Vanam\u00f6lder: Studentenorganisationen an Dorpater Universit\u00e4t im 19. Jahrhundert.<\/p>\n\n\n\n<p>2.03 Sergei Stadnikov: Oscar von Lemm (1856-1918) \u2013 deutschbaltischer Egyptologe und Koptologe aus Petersburg<\/p>\n\n\n\n<p>27.01 Gemeinsame Filmschau &#8222;Die gro\u00dfe Liebe&#8220;(1941\/42, Regisseur Rolf Hansen)<\/p>\n\n\n\n<p>19.01 Tiina-Mall Kreem: Die lutherische Kirchenbauweise, -architektur und \u2013kunst in Estland in der Zeit Alexander II.<\/p>\n\n\n\n<h2 class=\"wp-block-heading\"><strong><u>2010<\/u><\/strong><\/h2>\n\n\n\n<p>28.12 Generalversammlung<\/p>\n\n\n\n<p>24.11 Andres Andresen: Das Systemwechel der Estnischen Kirchenverwaltung im ersten Viertel des 18. Jahrhunderts und Umgestaltung des Paradigma der deutschbaltischen Geschichtsschreibung<\/p>\n\n\n\n<p>27.10 Sven Lepa: Die Herzogin von Kingston und ihre G\u00fctern Voka [Choudleigh] und Toila von 1781 bis 1806<\/p>\n\n\n\n<p>23.10 Die Exkursion in die G\u00fctern von Wierland mit Ants Hein<\/p>\n\n\n\n<p>11.09 Deutschbalten in der Estnischen Republik in den 1920er und 1930er Jahren. Kunst- und kulturgeschichtliches Seminar in der Tallinner Zentralbibliothek&nbsp;<\/p>\n\n\n\n<p>17.06 Renate K\u00f6rner: Die deutschbaltische K\u00fcnstlerin Else Hueck-Dehio<\/p>\n\n\n\n<p>12.05 Ausflug zu den Herrenh\u00e4user nahe Tallinn. F\u00fchrung: Silvi Lindmaa-Pihlak<\/p>\n\n\n\n<p>23.04-25.04 Ausflug nach Kurland. F\u00fchrung: Ants Hein<\/p>\n\n\n\n<p>31.03 M\u00e4rt Uustalu:Gutsbesitzer estnischer Herkunft im Kreis Tartu<\/p>\n\n\n\n<p>13.02 Anne Untera: Der volkst\u00fcmliche Humor im Schaffen des deutschbaltischen Karikaturisten Franz Burchard D\u00f6rbeck (1799-1835)<\/p>\n\n\n\n<p>27.01 Sirje Kivim\u00e4e: Zur Entstehung des Romans \u201eBaltische Trag\u00f6die\u201c von Siegfried von Vegesack und \u00fcber die Beziehungen des Autors zu Estland<\/p>\n\n\n\n<p><strong><u>2009<\/u><\/strong><\/p>\n\n\n\n<p>29.12 Generalversammlung<\/p>\n\n\n\n<p>28.11&nbsp;Ausflug zu den Gutsh\u00e4usern im Westen von Harjumaa<\/p>\n\n\n\n<p>16.10&nbsp;70 Jahre seit der&nbsp;<em>Umsiedlung<\/em>&nbsp;der Deutschbalten aus Estland in das&nbsp;<em>Dritte Reich.&nbsp;<\/em>Eine Tagung in Zusammenarbeit mit dem Estnischen Historischen Museum<\/p>\n\n\n\n<p>30.09 Viljar Ansko:&nbsp;Bekanntschaft mit dem bekanntesten Arzt von Tartu. Zur Ikonografie von F. R. Faehlmann<\/p>\n\n\n\n<p>4.06 Besuch in der Villa Poska. F\u00fchrung: Pille Lang und Sirej Kivim\u00e4e<\/p>\n\n\n\n<p>16.05 Ausflug nach P\u00e4rnumaa. F\u00fchrung: Ants Hein<\/p>\n\n\n\n<p>29.04 Kristiina Kivilaan: Die Republik Esltand 1918-1940 in der deutschbaltischer Erinnerungen&nbsp;<\/p>\n\n\n\n<p>25.03 Maris Saagpakk: Die Espen \u201eIlmatar\u201c ja \u201eWarawaatja\u201c von Schultz-Bertram<\/p>\n\n\n\n<p>25.02.Tiiu Reimo: 375 Jahre der Druckereikunst in Tallinn<\/p>\n\n\n\n<p>28.01 Mai Levin: Gregor von Bochmann aus heutiger Sicht<\/p>\n\n\n\n<p><strong><u>2008<\/u><\/strong><\/p>\n\n\n\n<p>17.12 Generalversammlung<\/p>\n\n\n\n<p>26.11 Geburtstag der Gesellschaft. Sirje Kivim\u00e4e: 20 Jahre seit der Gr\u00fcndung der Gesellschaft f\u00fc deutschbalitsche Kultur in Estland<\/p>\n\n\n\n<p>29.10 Besuch der Austlung &#8222;Grand Tour. Estnische K\u00fcnstler in Italien&#8220; im KUMU Kunstmuseum mit Tiina Abel<\/p>\n\n\n\n<p>24.09 Indrek Kiverik: Estland 1917 \u2013 1918: Aus sicht der nationalen Bewegung und der Ritterschaft<\/p>\n\n\n\n<p>25.06 Besuch der Deutschen Erl\u00f6serkirche zu N\u00f5mme mit Fredi Tomps<\/p>\n\n\n\n<p>31.05 Ausflug nach J\u00e4rvamaa. F\u00fchrung: Ants Hein<\/p>\n\n\n\n<p>30.04 Ene Hiio: Alexander von Ungern-Sternberg (1806-1868)<\/p>\n\n\n\n<p>26.03 Sirje Kivim\u00e4e: Die M\u00f6glichkeiten der Deutschbalten und die Aufstellung des Baltenregiments gegen Ende des Jahres 1918<\/p>\n\n\n\n<p>27.02 Sergei Stadnikov: Die \u00c4gypten-Reise 1828-1829 von Alexander von Uexk\u00fcll (1800-1853)<\/p>\n\n\n\n<p>30.01 Mai Levin: Der K\u00fcntsler Baron Gerhard Paul von Rosen (1856-1927)<\/p>\n\n\n\n<p><strong><u>2007<\/u><\/strong><\/p>\n\n\n\n<p>27.12. Generalversammlung<\/p>\n\n\n\n<p>28.11 Sulev M\u00e4ev\u00e4li: 70 Jahre Tallinner Stadtmuseum&nbsp;<\/p>\n\n\n\n<p>31.10 Besuch der Ausstellung \u201eDas Rokoko in Maarjamaa\u201d im Kunstmuseum Kadriorg. F\u00fchrung: Anne Untera<\/p>\n\n\n\n<p>26.09 Reet Bender: Oskar Masing, das deutschbaltische W\u00f6rterbuch und die Sprache der Deutschbalten<\/p>\n\n\n\n<p>31.05&nbsp; Besuch der Bastionen Ingermanland und Schweden. F\u00fchrung: Sulev M\u00e4ev\u00e4li<\/p>\n\n\n\n<p>28.04 Ausflug nach West-Estland. F\u00fchrung: Ants Hein<\/p>\n\n\n\n<p>25.04 Olev Liivik: \u00dcber den Denkmalschutz von innen und von au\u00dfen. \u00dcber die Entwicklungen der letzten 10 Jahre<\/p>\n\n\n\n<p>28.03 Tiiu Reimo:&nbsp; Buchschenkungen und \u2013 nachl\u00e4sse in der Olai-Bibliothek in Tallinn<\/p>\n\n\n\n<p>26.02 Erki Tammiksaar: Zu den Beziehungen der deutschbaltischen Naturwissenschaftler K. E. v. Baer, A. Th. v. Middendorff und A. v. Keyserling zum russischen Zarenhaus<\/p>\n\n\n\n<p>31.01 Maris Saagpakk:&nbsp; Deutschbaltische Autobiographie als Mittel zur Identit\u00e4tspflege<\/p>\n\n\n\n<p><strong><u>2006<\/u><\/strong><\/p>\n\n\n\n<p>27.12 Generalversammlung<\/p>\n\n\n\n<p>29.11 Vortragssitzung zur Feier des 70. Geburtstages des Mitgliedes der Gesellschaft Henning von Wistinghausen und Er\u00f6ffnung der Ausstellung zu seiner Bibliographie<\/p>\n\n\n\n<p>24.10 Seminar: \u201eIm Mittelfeld\u201d im Kunstmuseum Kadriorg<\/p>\n\n\n\n<p>4.10 Sergei Stadnikov: Gustav Teichm\u00fcller (1832-1888)<\/p>\n\n\n\n<p>31.05 Besuch im Ungarischen Institut. Sulev M\u00e4ev\u00e4li: Die Geschichte des Stadtgrundst\u00fcckes bzw. \u201eWinterpalastes\u201d von Toll<\/p>\n\n\n\n<p>30.04 Ausflug nach J\u00f5gevamaa. F\u00fchrung: Ants Hein<\/p>\n\n\n\n<p>26.04 Kaido Laurits: Das Schulamt der Deutschen Kulturselbstverwaltung und das deutschbaltische Bildungsleben in der Republik Estland 1918\/25\u20131940<\/p>\n\n\n\n<p>29.03 Inna P\u00f5ltsam-J\u00fcrjo:&nbsp; Wackenfest im mittelalterlichen Livland<\/p>\n\n\n\n<p>22.02 Sirje Kivim\u00e4e: Drei Keyserlinge in Estland<\/p>\n\n\n\n<p>25.01 Tiina-Mall Kreem:&nbsp; Kulturgeschichte der Skulpturkunst. Die Skulpturen in den Kunstsammlungen der Deutschbalten<\/p>\n\n\n\n<p><strong><u>2005<\/u><\/strong><\/p>\n\n\n\n<p>28.12 Generalversammlung<\/p>\n\n\n\n<p>30.11 Lea K\u00f5iv:&nbsp; Das Tallinner Stadtarchiv im Zweiten Weltkrieg<\/p>\n\n\n\n<p>26.10 Merike Lang: Die estnische Bauernbev\u00f6lkerung und die deutsche Oberschicht. Die Erinnerungsthematik in den historischen Museen Estlands<\/p>\n\n\n\n<p>28.09&nbsp; Besuch der Ausstellung \u201eIm Bann der Meisterwerke. Die Kopie in Estland im 19. Jahrhundert\u201d im Kunstmuseum Kadriorg. F\u00fchrung: Anne L\u00f5ugas<\/p>\n\n\n\n<p>15.06 Besuch in der Familienkapelle der Familie Koch in Pirita. F\u00fchrung: Olev Liivik<\/p>\n\n\n\n<p>21.-22.05&nbsp; Ausflug zu den Gutsh\u00e4usern auf Saaremaa und Hiiumaa. F\u00fchrung: Ants Hein<\/p>\n\n\n\n<p>27.04 Anne L\u00f5ugas: Ernst Friedrich von Liphart (1847\u20131932) \u2013 K\u00fcnstler und Kunstwissenschaftler vom Gut Raadi<\/p>\n\n\n\n<p>30.03 Epp Preem: K\u00fcnstlerin Julie Hagen-Schwarz<\/p>\n\n\n\n<p>2.03 Ada Ambus : Middendorff-Abende<\/p>\n\n\n\n<p>26.01 Indrek J\u00fcrjo ja Sergei Stadnikov:&nbsp; Otto Friedrich von Richters (1791\u20131816) Studienzeit und Reisen in den Osten<\/p>\n\n\n\n<p><strong><u>2004<\/u><\/strong><\/p>\n\n\n\n<p>29.12 Generalversammlung<\/p>\n\n\n\n<p>24.11 Besuch des Museums im Haus Peters I. F\u00fchrung Sulev M\u00e4ev\u00e4li<\/p>\n\n\n\n<p>27.10 J\u00fcri Kivim\u00e4e: Mit der Geschichte des Batlimums auf der anderen Seite des Ozeans. Gedanken und Eindr\u00fccke eines freiwilligen Auswanderers<\/p>\n\n\n\n<p>30.09 Besichtigung der Ausstellung \u201eBekannte und unbekannte Hoerschelmanns\u201d im Adamson-Eric Museum. F\u00fchrung: Mai Levin<\/p>\n\n\n\n<p>26.05 Historische Denkm\u00e4ler und Kunstdenkm\u00e4ler des Friedhofs Rahum\u00e4e. F\u00fchrung: Mare Kask<\/p>\n\n\n\n<p>1.-2.05 Ausflug nach Riga und zu den Gutsh\u00e4usern Lettlands. F\u00fchrung: Ants Hein und Maaja Silm<\/p>\n\n\n\n<p>28.04 Jakub Forst-Battaglia: \u00d6sterreich und Russland vom Wiener Kongre\u00df bis Sarajevo<\/p>\n\n\n\n<p>31.03 Erki Tammiksaar: Die Geschichte der Naturwissenschaften als Forschungsdisziplin in Estland vom letzten Viertel des 19. Jhs. bis heute<\/p>\n\n\n\n<p>3.03 Maris Saagpakk: Wir und die Anderen. Zur Darstellung der Esten und Letten in unver\u00f6ffentlichten Erinnerungen der Deutschbalten<\/p>\n\n\n\n<p>28.01 Helena Risthein: Bestiarium. Zur Brdeutung der Tiere und V\u00f6gel in den Kirchen von Tallinn von der Gotik bis zum Barock<\/p>\n\n\n\n<p><strong><u>2003<\/u><\/strong><\/p>\n\n\n\n<p>29.12 Generalversammlung<\/p>\n\n\n\n<p>10.12 Jaan Undusk: \u00dcber das internationale Keyserling Symposium und Hermann Keyserlings als Philosophen<\/p>\n\n\n\n<p>29.10 Priit Herodes: Heraldik<\/p>\n\n\n\n<p>24.09 Besuch der Ausstellung &#8222;Kupfergraveur Karl August Senff. 200 Jahre akademische Kunstasubildung in Estland\u201d. F\u00fchrung Anne L\u00f5ugas<\/p>\n\n\n\n<p>28.05 Besuch des innenst\u00e4dtischen Friedhofes. F\u00fchrung: Jaan B\u00e4renson<\/p>\n\n\n\n<p>03.05 Ausflung zu den Gutsh\u00e4user in Ida-Virumaa. F\u00fchrung: Ants Hein<\/p>\n\n\n\n<p>30.04 Sirje Kivim\u00e4e: Juden in Estland<\/p>\n\n\n\n<p>26.03 Anne L\u00f5ugas: Die Darstellung von Esten in den fr\u00fcheren Kunst (ab dem 16. Jh)<\/p>\n\n\n\n<p>26.02 Sulev M\u00e4ev\u00e4li: Das Problem der Wappenepitaphe in der Domkirche 1927-28<\/p>\n\n\n\n<p>29.01 Besuch im Estnischen Historischen Museum \u201cJohann Burcharts &#8222;Mon Faible&#8220;. die \u00e4lteste Kollektion des Historischen Museums \u2013 200\u201d<\/p>\n\n\n\n<p><strong><u>2002<\/u><\/strong><\/p>\n\n\n\n<p>30.12 Generalversammlung<\/p>\n\n\n\n<p>27.11 Helena Risthein: Berndt Notke ja Henning van der Heyde in der Nikolaikirche<\/p>\n\n\n\n<p>30.10 Lauri Suurmaa: Die Nachlassverzeichnisse Tallinner B\u00fcrger aus dem 18. Jh.<\/p>\n\n\n\n<p>25.09 Anne Kaaver: Die T\u00e4tigkeits von Otto von Kotzebue<\/p>\n\n\n\n<p>11.05 Ausflug zu den Gutsh\u00e4user im Viljadnimaa und Valgamaa. F\u00fchrung: Ants Hein<\/p>\n\n\n\n<p>24.04 Besuch in der Tretm\u00fchle Lai Str.&nbsp; 47. F\u00fchrung: Silvi Pihlak-Lindmaa und Robert Nerman<\/p>\n\n\n\n<p>27.03 Kalev Kukk: \u00dcber die R\u00fcckgabe des Verm\u00f6gens der Umsiedler<\/p>\n\n\n\n<p>27.02 Der Besuch der Austellung der Gem\u00e4lde von Oskar Hoffman im Estnischen Kunstmuseum im Ritterhaus. F\u00fchrung: Anne L\u00f5ugas<\/p>\n\n\n\n<p>30.01 Besuch in der Residenz des deutschen Botschafters auf Einladung des Botschafters Dr. Gerhard Enver Schr\u00f6mbgens; Arnulf von Ullmann: \u00dcber die Wappenepitaphe der Domkirche und ihre Konservierung<\/p>\n\n\n\n<p><strong><u>2001<\/u><\/strong><\/p>\n\n\n\n<p>28.12 Generalversammlung<\/p>\n\n\n\n<p>28.11 Indrek J\u00fcrjo: Die estophilien Ansichten des Grafen Mellin<\/p>\n\n\n\n<p>31.10 Meelis Maripuu: Die deutschen Kriegsgefangenen in Estland<\/p>\n\n\n\n<p>2.06 Asuflung zu den Gutsh\u00e4usern in J\u00e4rvamaa und L\u00e4\u00e4ne-Virumaa. F\u00fchrung: Ants Hein<\/p>\n\n\n\n<p>30.05 Ausflung in den Stadtteil Kalamaja. F\u00fchrung: Silvi Pihlak-Lindmaa<\/p>\n\n\n\n<p>25.04 Besuch bei der Estnischen Gesellschaft f\u00fcr Denklmalpflege mit dem Schwerpunkt Heraldik unter der Leitung von Priit Herodes<\/p>\n\n\n\n<p>28.03 Besuch der Tallinner Stadtmuseums. F\u00fchrung: Sulev M\u00e4ev\u00e4li<\/p>\n\n\n\n<p>28.02 \u00dclo ja Alo Sirp: Das Gut \u00dcksnurme und die Antropoffs<\/p>\n\n\n\n<p>31.01 Rein Helme: Orden und Medaillen aus pers\u00f6hnlichen Kollektion<\/p>\n\n\n\n<p><strong><u>2000<\/u><\/strong><\/p>\n\n\n\n<p>27.12 Haptversammlung<\/p>\n\n\n\n<p>29.11 Kadi Polli: Johann Wilhelm von Krause ( 1757-1828 )<\/p>\n\n\n\n<p>25.10 Lilian Kotter: Der Bau der Tallinner Befestigungsanlagen<\/p>\n\n\n\n<p>27.09 Vorstellung neuer B\u00fccher: Der Finnische Meerbusen als Brennpunkt, Verband der Baltischen Ritterschaften u.a.<\/p>\n\n\n\n<p>11.09 Enth\u00fcllung der Erinnerungstafel f\u00fcr die Estl\u00e4ndische Liter\u00e4rische Gesellschaft und die deutsche Kulturselbstverwaltung, Kohtu Str. 6 in, Tallinna<\/p>\n\n\n\n<p>6.09 Besuch im Kunstmuseum von Kadriorg: F\u00fchrung Anne L\u00f5ugas<\/p>\n\n\n\n<p>27.05 Ausflug zu den G\u00fctern im Viljandimaa. F\u00fchrung:&nbsp; Ants Hein<\/p>\n\n\n\n<p>23.05 Filmabend: Peeter Urbla \u201eR\u00fcckkehr\u201d<\/p>\n\n\n\n<p>29.04 Besuch in der Tallinner Domkirche anl\u00e4sslich der Konservierung der Wappenepitaphie<\/p>\n\n\n\n<p>29.03 Rein Loodus: Otto von Kursell ( 1884-1967 ) als K\u00fcnstler<\/p>\n\n\n\n<p>29.02 Tiina Abel: Die \u00c4ltere der D\u00fcsseldorfer Schule<\/p>\n\n\n\n<p>26.01 Besuch in der Residenz des deutschen Botschafters auf Einladung des Botschafters Dr. Gerhard Enver Schr\u00f6mbgens; Rein Helme: Deutschbalten im Estnischen Freiheitskrieg<\/p>\n\n\n\n<p><strong><u>1999<\/u><\/strong><\/p>\n\n\n\n<p>29.12 Hauptversammlung<\/p>\n\n\n\n<p>24.11 Die Umsiedlung der Deutschbalten. Konferenz im Zusammenarbeit mit dem Tallinner Stadtarchiv<\/p>\n\n\n\n<p>27.10 Anne Golovkova: Die Reise von Adam Johann von Krusenstern<\/p>\n\n\n\n<p>9.10 Ausflug in die Region der K\u00fcstenschweden (Noarootsi). F\u00fchtung: Ira Einama<\/p>\n\n\n\n<p>9.09 Teilnahme an der Er\u00f6ffnung der Ausstellung \u201eDeutschbaltsiche Portr\u00e4tkunst\u201d im Estnischen Kunstmuseum<\/p>\n\n\n\n<p>18.05 Besuch im fr\u00fcheren Dellinghausen Haus, heute die russische Botschaft. F\u00fchrung: Silvi Pihlak-Lindmaa<\/p>\n\n\n\n<p>31.03 Sirje Kivim\u00e4e: Die ersten studierenden Damen unter dem Deutschbalten<\/p>\n\n\n\n<p>3.03 Tiiu Reimo: Das Buch in Tallinn im 18. Jh.<\/p>\n\n\n\n<p>23.02 Hauptversammlung<\/p>\n\n\n\n<p>27.01 Ea Jansen: Friedrich Reinhold Faehlmann und das nationale Selbstbewusstsein der Esten<\/p>\n\n\n\n<p><strong><u>1998<\/u><\/strong><\/p>\n\n\n\n<p>29.12 Hauptversammlung<\/p>\n\n\n\n<p>25.11 Bradley Woodworth: Die B\u00fcrgergesellschaft und die nationalen Verh\u00e4ltnisse in Reval 1860-1917<\/p>\n\n\n\n<p>28.10 Toomas Help: Tour d&#8217;Osel 1997<\/p>\n","protected":false},"excerpt":{"rendered":"<p>2026 25.03 Heidi Rifk: \u201eEine verarmte Elite? Materielle Lage der Deutschbalten in der Republik Estland\u201c 26.02 Generalversammlung; Kurzvortrag von Reet Bender \u201eBurschenschaftler in T\u00fcllr\u00f6cken. \u00dcber eine in Vergessenheit geratene Theaterliebhaberei in Dorpat\u201c 28.01 Triin Kr\u00f6\u00f6nstr\u00f6m: \u201eCarl Sigismund Walther und nationale Fragen\u201c 2025 13.12 Vorweihnachtlicher Ausflug nach J\u00e4rvamaa (Jerwen): Hintergrundkommentare von Ants Hein; Besichtigung der Herrenh\u00e4user [&hellip;]<\/p>\n","protected":false},"author":1,"featured_media":0,"parent":0,"menu_order":0,"comment_status":"closed","ping_status":"closed","template":"","meta":{"footnotes":""},"class_list":["post-21","page","type-page","status-publish","hentry"],"_links":{"self":[{"href":"https:\/\/baltisaksaselts.ee\/de\/wp-json\/wp\/v2\/pages\/21","targetHints":{"allow":["GET"]}}],"collection":[{"href":"https:\/\/baltisaksaselts.ee\/de\/wp-json\/wp\/v2\/pages"}],"about":[{"href":"https:\/\/baltisaksaselts.ee\/de\/wp-json\/wp\/v2\/types\/page"}],"author":[{"embeddable":true,"href":"https:\/\/baltisaksaselts.ee\/de\/wp-json\/wp\/v2\/users\/1"}],"replies":[{"embeddable":true,"href":"https:\/\/baltisaksaselts.ee\/de\/wp-json\/wp\/v2\/comments?post=21"}],"version-history":[{"count":82,"href":"https:\/\/baltisaksaselts.ee\/de\/wp-json\/wp\/v2\/pages\/21\/revisions"}],"predecessor-version":[{"id":692,"href":"https:\/\/baltisaksaselts.ee\/de\/wp-json\/wp\/v2\/pages\/21\/revisions\/692"}],"wp:attachment":[{"href":"https:\/\/baltisaksaselts.ee\/de\/wp-json\/wp\/v2\/media?parent=21"}],"curies":[{"name":"wp","href":"https:\/\/api.w.org\/{rel}","templated":true}]}}